{"id":646,"date":"2024-06-07T12:13:03","date_gmt":"2024-06-07T15:13:03","guid":{"rendered":"http:\/\/10.8.110.112:8020\/?page_id=646"},"modified":"2026-02-02T12:23:06","modified_gmt":"2026-02-02T15:23:06","slug":"comite-etico-cientifico","status":"publish","type":"page","link":"https:\/\/www.serviciosaludaysen.cl\/index.php\/comite-etico-cientifico\/","title":{"rendered":"Comit\u00e9 \u00e9tico cient\u00edfico"},"content":{"rendered":"\t\t<div data-elementor-type=\"wp-page\" data-elementor-id=\"646\" class=\"elementor elementor-646\">\n\t\t\t\t<div class=\"elementor-element elementor-element-56c9cae0 e-flex e-con-boxed e-con e-parent\" data-id=\"56c9cae0\" data-element_type=\"container\">\n\t\t\t\t\t<div class=\"e-con-inner\">\n\t\t\t\t<div class=\"elementor-element elementor-element-34fa29d elementor-widget elementor-widget-heading\" data-id=\"34fa29d\" data-element_type=\"widget\" data-widget_type=\"heading.default\">\n\t\t\t\t<div class=\"elementor-widget-container\">\n\t\t\t\t\t<h2 class=\"elementor-heading-title elementor-size-default\">Comit\u00e9 \u00e9tico cient\u00edfico<\/h2>\t\t\t\t<\/div>\n\t\t\t\t<\/div>\n\t\t\t\t<div class=\"elementor-element elementor-element-7ed7454b elementor-widget elementor-widget-text-editor\" data-id=\"7ed7454b\" data-element_type=\"widget\" data-widget_type=\"text-editor.default\">\n\t\t\t\t<div class=\"elementor-widget-container\">\n\t\t\t\t\t\t\t\t\t<p><\/p>\n<p>El Comit\u00e9 de \u00c9tica Cient\u00edfico (CEC), tiene como principal misi\u00f3n, proteger los derechos, la seguridad, la dignidad y el bienestar de las personas participantes como sujetos de una investigaci\u00f3n cient\u00edfica biom\u00e9dica, bajo la jurisdicci\u00f3n del Servicio de Salud Ays\u00e9n. Para ello debe analizar, evaluar e informar las investigaciones cient\u00edficas que sean sometidas a su consideraci\u00f3n y, controlar su seguimiento y ejecuci\u00f3n, garantizando el cumplimiento de las normas centerlegales nacionales y recomendaciones internacionales. En ese contexto, el investigador deber\u00e1 presentar protocolo de Investigaci\u00f3n que involucre pacientes atendidos en cualquier centro de salud perteneciente al Servicio de Salud Ays\u00e9n, para ser evaluado y aprobado, previo a su inicio y, entregar un informe final resultado de la investigaci\u00f3n.<br \/>El Comit\u00e9 de \u00c9tica Cient\u00edfico, est\u00e1 formalizado por Resoluci\u00f3n de la Direcci\u00f3n del Servicio de Salud Ays\u00e9n. Entre sus miembros hay, profesionales de las ciencias de la salud, jur\u00eddicas y sociales, con experiencia en salud p\u00fablica, bio\u00e9tica y\/o \u00e9tica de la investigaci\u00f3n, con el objetivo de resguardar la integridad de las personas que participan en una investigaci\u00f3n biom\u00e9dica adem\u00e1s de un representante de la comunidad.<\/p>\n<div class=\"wp-block-kenta-blocks-section kb-section-747e2db0 kb-section\">\n<p><\/p>\n<\/div>\n<p><!-- \/wp:kenta-blocks\/section --><!-- wp:paragraph --><\/p>\n<p><!-- \/wp:paragraph --><\/p>\t\t\t\t\t\t\t\t<\/div>\n\t\t\t\t<\/div>\n\t\t\t\t\t<\/div>\n\t\t\t\t<\/div>\n\t\t<div class=\"elementor-element elementor-element-c5e89c4 e-flex e-con-boxed e-con e-parent\" data-id=\"c5e89c4\" data-element_type=\"container\">\n\t\t\t\t\t<div class=\"e-con-inner\">\n\t\t\t\t<div class=\"elementor-element elementor-element-abb5064 elementor-widget elementor-widget-heading\" data-id=\"abb5064\" data-element_type=\"widget\" data-widget_type=\"heading.default\">\n\t\t\t\t<div class=\"elementor-widget-container\">\n\t\t\t\t\t<h4 class=\"elementor-heading-title elementor-size-default\">Reglamento Interno<\/h4>\t\t\t\t<\/div>\n\t\t\t\t<\/div>\n\t\t\t\t<div class=\"elementor-element elementor-element-1bdf14e elementor-widget-divider--view-line elementor-widget elementor-widget-divider\" data-id=\"1bdf14e\" data-element_type=\"widget\" data-widget_type=\"divider.default\">\n\t\t\t\t<div class=\"elementor-widget-container\">\n\t\t\t\t\t\t\t<div class=\"elementor-divider\">\n\t\t\t<span class=\"elementor-divider-separator\">\n\t\t\t\t\t\t<\/span>\n\t\t<\/div>\n\t\t\t\t\t\t<\/div>\n\t\t\t\t<\/div>\n\t\t\t\t<div class=\"elementor-element elementor-element-4aafbdf elementor-widget elementor-widget-text-editor\" data-id=\"4aafbdf\" data-element_type=\"widget\" data-widget_type=\"text-editor.default\">\n\t\t\t\t<div class=\"elementor-widget-container\">\n\t\t\t\t\t\t\t\t\t<p>Descargue aqu\u00ed\u00a0el reglamento interno del CEC del Servicio de Salud Ays\u00e9n<\/p>\n<div class=\"wp-block-columns has-3-columns\">\n<div class=\"wp-block-column\">\n<div>\u00a0<\/div>\n<\/div>\n<\/div>\t\t\t\t\t\t\t\t<\/div>\n\t\t\t\t<\/div>\n\t\t\t\t\t<\/div>\n\t\t\t\t<\/div>\n\t\t<div class=\"elementor-element elementor-element-a808022 e-grid e-con-boxed e-con e-parent\" data-id=\"a808022\" data-element_type=\"container\">\n\t\t\t\t\t<div class=\"e-con-inner\">\n\t\t\t\t<div class=\"elementor-element elementor-element-eeacce2 elementor-widget elementor-widget-text-editor\" data-id=\"eeacce2\" data-element_type=\"widget\" data-widget_type=\"text-editor.default\">\n\t\t\t\t<div class=\"elementor-widget-container\">\n\t\t\t\t\t\t\t\t\t<p><img decoding=\"async\" class=\"alignnone size-full wp-image-770\" src=\"https:\/\/www.serviciosaludaysen.cl\/wp-content\/uploads\/2024\/06\/documento-150x150-2.png\" alt=\"\" width=\"150\" height=\"150\" \/><\/p>\n<p><a href=\"https:\/\/www.serviciosaludaysen.cl\/wp-content\/uploads\/2026\/02\/CEC-2025-a-2027-1.pdf\">Integrantes y reglamento interno<\/a><\/p>\t\t\t\t\t\t\t\t<\/div>\n\t\t\t\t<\/div>\n\t\t\t\t<div class=\"elementor-element elementor-element-4b10b4b elementor-widget elementor-widget-text-editor\" data-id=\"4b10b4b\" data-element_type=\"widget\" data-widget_type=\"text-editor.default\">\n\t\t\t\t<div class=\"elementor-widget-container\">\n\t\t\t\t\t\t\t\t\t<p><img decoding=\"async\" class=\"alignnone size-full wp-image-770\" src=\"https:\/\/www.serviciosaludaysen.cl\/wp-content\/uploads\/2024\/06\/documento-150x150-2.png\" alt=\"\" width=\"150\" height=\"150\" \/><\/p>\n<p><a href=\"https:\/\/www.serviciosaludaysen.cl\/wp-content\/uploads\/2024\/07\/2.pdf\">Acta Constituci\u00f3n Comit\u00e9 \u00c9tico<\/a><\/p>\t\t\t\t\t\t\t\t<\/div>\n\t\t\t\t<\/div>\n\t\t\t\t<div class=\"elementor-element elementor-element-e368fb9 elementor-widget elementor-widget-text-editor\" data-id=\"e368fb9\" data-element_type=\"widget\" data-widget_type=\"text-editor.default\">\n\t\t\t\t<div class=\"elementor-widget-container\">\n\t\t\t\t\t\t\t\t\t<p><img decoding=\"async\" class=\"alignnone size-full wp-image-770\" src=\"https:\/\/www.serviciosaludaysen.cl\/wp-content\/uploads\/2024\/06\/documento-150x150-2.png\" alt=\"\" width=\"150\" height=\"150\" \/><\/p>\n<p><a href=\"https:\/\/www.serviciosaludaysen.cl\/wp-content\/uploads\/2024\/07\/3_compressed.pdf\">Res. Ex. Acreditaci\u00f3n CEC-SSA<\/a><\/p>\t\t\t\t\t\t\t\t<\/div>\n\t\t\t\t<\/div>\n\t\t\t\t\t<\/div>\n\t\t\t\t<\/div>\n\t\t<div class=\"elementor-element elementor-element-ae37267 e-flex e-con-boxed e-con e-parent\" data-id=\"ae37267\" data-element_type=\"container\">\n\t\t\t\t\t<div class=\"e-con-inner\">\n\t\t\t\t<div class=\"elementor-element elementor-element-4cc7272 elementor-widget elementor-widget-heading\" data-id=\"4cc7272\" data-element_type=\"widget\" data-widget_type=\"heading.default\">\n\t\t\t\t<div class=\"elementor-widget-container\">\n\t\t\t\t\t<h4 class=\"elementor-heading-title elementor-size-default\">Normativas<\/h4>\t\t\t\t<\/div>\n\t\t\t\t<\/div>\n\t\t\t\t<div class=\"elementor-element elementor-element-05e4b2b elementor-widget-divider--view-line elementor-widget elementor-widget-divider\" data-id=\"05e4b2b\" data-element_type=\"widget\" data-widget_type=\"divider.default\">\n\t\t\t\t<div class=\"elementor-widget-container\">\n\t\t\t\t\t\t\t<div class=\"elementor-divider\">\n\t\t\t<span class=\"elementor-divider-separator\">\n\t\t\t\t\t\t<\/span>\n\t\t<\/div>\n\t\t\t\t\t\t<\/div>\n\t\t\t\t<\/div>\n\t\t\t\t<div class=\"elementor-element elementor-element-ab3b696 elementor-widget elementor-widget-text-editor\" data-id=\"ab3b696\" data-element_type=\"widget\" data-widget_type=\"text-editor.default\">\n\t\t\t\t<div class=\"elementor-widget-container\">\n\t\t\t\t\t\t\t\t\t<p>Descargue aqu\u00ed las normativas internas del CEC del Servicio de Salud Ays\u00e9n<\/p>\n<div class=\"wp-block-columns has-3-columns\">\n<div class=\"wp-block-column\">\n<div>\u00a0<\/div>\n<\/div>\n<\/div>\t\t\t\t\t\t\t\t<\/div>\n\t\t\t\t<\/div>\n\t\t\t\t\t<\/div>\n\t\t\t\t<\/div>\n\t\t<div class=\"elementor-element elementor-element-231466b e-grid e-con-boxed e-con e-parent\" data-id=\"231466b\" data-element_type=\"container\">\n\t\t\t\t\t<div class=\"e-con-inner\">\n\t\t\t\t<div class=\"elementor-element elementor-element-9caebdd elementor-widget elementor-widget-text-editor\" data-id=\"9caebdd\" data-element_type=\"widget\" data-widget_type=\"text-editor.default\">\n\t\t\t\t<div class=\"elementor-widget-container\">\n\t\t\t\t\t\t\t\t\t<p><img decoding=\"async\" class=\"alignnone size-full wp-image-770\" src=\"https:\/\/www.serviciosaludaysen.cl\/wp-content\/uploads\/2024\/06\/documento-150x150-2.png\" alt=\"\" width=\"150\" height=\"150\" \/><\/p>\n<p><a href=\"https:\/\/www.serviciosaludaysen.cl\/wp-content\/uploads\/2024\/07\/5.pdf\">Acta Constitucional comit\u00e9 \u00e9tico<\/a><\/p>\t\t\t\t\t\t\t\t<\/div>\n\t\t\t\t<\/div>\n\t\t\t\t<div class=\"elementor-element elementor-element-b82ab55 elementor-widget elementor-widget-text-editor\" data-id=\"b82ab55\" data-element_type=\"widget\" data-widget_type=\"text-editor.default\">\n\t\t\t\t<div class=\"elementor-widget-container\">\n\t\t\t\t\t\t\t\t\t<p><img decoding=\"async\" class=\"alignnone size-full wp-image-770\" src=\"https:\/\/www.serviciosaludaysen.cl\/wp-content\/uploads\/2024\/06\/documento-150x150-2.png\" alt=\"\" width=\"150\" height=\"150\" \/><\/p>\n<p><a href=\"https:\/\/www.serviciosaludaysen.cl\/wp-content\/uploads\/2024\/07\/4.pdf\">Integrantes y reglamento interno<\/a><\/p>\n<p>\u00a0<\/p>\t\t\t\t\t\t\t\t<\/div>\n\t\t\t\t<\/div>\n\t\t\t\t<div class=\"elementor-element elementor-element-51bdeee elementor-widget elementor-widget-text-editor\" data-id=\"51bdeee\" data-element_type=\"widget\" data-widget_type=\"text-editor.default\">\n\t\t\t\t<div class=\"elementor-widget-container\">\n\t\t\t\t\t\t\t\t\t<p><img decoding=\"async\" class=\"alignnone size-full wp-image-770\" src=\"https:\/\/www.serviciosaludaysen.cl\/wp-content\/uploads\/2024\/06\/documento-150x150-2.png\" alt=\"\" width=\"150\" height=\"150\" \/><\/p>\n<p><a href=\"https:\/\/www.serviciosaludaysen.cl\/wp-content\/uploads\/2024\/07\/6_compressed.pdf\">Pauta de evaluaci\u00f3n<\/a><\/p>\t\t\t\t\t\t\t\t<\/div>\n\t\t\t\t<\/div>\n\t\t\t\t<div class=\"elementor-element elementor-element-c919376 elementor-widget elementor-widget-text-editor\" data-id=\"c919376\" data-element_type=\"widget\" data-widget_type=\"text-editor.default\">\n\t\t\t\t<div class=\"elementor-widget-container\">\n\t\t\t\t\t\t\t\t\t<p><img decoding=\"async\" class=\"alignnone size-full wp-image-770\" src=\"https:\/\/www.serviciosaludaysen.cl\/wp-content\/uploads\/2024\/06\/documento-150x150-2.png\" alt=\"\" width=\"150\" height=\"150\" \/><\/p>\n<p><a href=\"https:\/\/www.serviciosaludaysen.cl\/wp-content\/uploads\/2024\/07\/7.pdf\">Circular actualiza Pautas de autoevaluacion<\/a><\/p>\t\t\t\t\t\t\t\t<\/div>\n\t\t\t\t<\/div>\n\t\t\t\t<div class=\"elementor-element elementor-element-b6017ae elementor-widget elementor-widget-text-editor\" data-id=\"b6017ae\" data-element_type=\"widget\" data-widget_type=\"text-editor.default\">\n\t\t\t\t<div class=\"elementor-widget-container\">\n\t\t\t\t\t\t\t\t\t<p><img decoding=\"async\" class=\"alignnone size-full wp-image-770\" src=\"https:\/\/www.serviciosaludaysen.cl\/wp-content\/uploads\/2024\/06\/documento-150x150-2.png\" alt=\"\" width=\"150\" height=\"150\" \/><\/p>\n<p><a href=\"https:\/\/www.serviciosaludaysen.cl\/wp-content\/uploads\/2024\/07\/8.pdf\">Circular Difunde Gu\u00eda para el proceso de Acreditaci\u00f3n y Supervisor CECs<\/a><\/p>\t\t\t\t\t\t\t\t<\/div>\n\t\t\t\t<\/div>\n\t\t\t\t<div class=\"elementor-element elementor-element-dd53f9a elementor-widget elementor-widget-text-editor\" data-id=\"dd53f9a\" data-element_type=\"widget\" data-widget_type=\"text-editor.default\">\n\t\t\t\t<div class=\"elementor-widget-container\">\n\t\t\t\t\t\t\t\t\t<p><img decoding=\"async\" class=\"alignnone size-full wp-image-770\" src=\"https:\/\/www.serviciosaludaysen.cl\/wp-content\/uploads\/2024\/06\/documento-150x150-2.png\" alt=\"\" width=\"150\" height=\"150\" \/><\/p>\n<p><a href=\"https:\/\/www.serviciosaludaysen.cl\/wp-content\/uploads\/2024\/07\/9.pdf\">Circular ACRED CEC<\/a><\/p>\t\t\t\t\t\t\t\t<\/div>\n\t\t\t\t<\/div>\n\t\t\t\t<div class=\"elementor-element elementor-element-24e4fa0 elementor-widget elementor-widget-text-editor\" data-id=\"24e4fa0\" data-element_type=\"widget\" data-widget_type=\"text-editor.default\">\n\t\t\t\t<div class=\"elementor-widget-container\">\n\t\t\t\t\t\t\t\t\t<p><img decoding=\"async\" class=\"alignnone size-full wp-image-770\" src=\"https:\/\/www.serviciosaludaysen.cl\/wp-content\/uploads\/2024\/06\/documento-150x150-2.png\" alt=\"\" width=\"150\" height=\"150\" \/><\/p>\n<p><a href=\"https:\/\/www.serviciosaludaysen.cl\/wp-content\/uploads\/2024\/07\/10_compressed.pdf\">Circular A15 N02 Declaracion Confidencialidad y Conflicto de Interes<\/a><\/p>\n<div class=\"wp-block-columns has-2-columns\">\n<div class=\"wp-block-column\">\n<p>\u00a0<\/p>\n<\/div>\n<\/div>\n<p>\u00a0<\/p>\t\t\t\t\t\t\t\t<\/div>\n\t\t\t\t<\/div>\n\t\t\t\t<div class=\"elementor-element elementor-element-f59ee39 elementor-widget elementor-widget-text-editor\" data-id=\"f59ee39\" data-element_type=\"widget\" data-widget_type=\"text-editor.default\">\n\t\t\t\t<div class=\"elementor-widget-container\">\n\t\t\t\t\t\t\t\t\t<p><img decoding=\"async\" class=\"alignnone size-full wp-image-770\" src=\"https:\/\/www.serviciosaludaysen.cl\/wp-content\/uploads\/2024\/06\/documento-150x150-2.png\" alt=\"\" width=\"150\" height=\"150\" \/><\/p>\n<p><a href=\"https:\/\/www.serviciosaludaysen.cl\/wp-content\/uploads\/2024\/07\/11.pdf\">Ley 19.628 sobre Protecci\u00f3n de la Vida Privada<\/a><\/p>\n<p>\u00a0<\/p>\n<div class=\"wp-block-columns has-2-columns\">\n<div class=\"wp-block-column\">\n<p>\u00a0<\/p>\n<\/div>\n<\/div>\n<p>\u00a0<\/p>\t\t\t\t\t\t\t\t<\/div>\n\t\t\t\t<\/div>\n\t\t\t\t<div class=\"elementor-element elementor-element-ba99a70 elementor-widget elementor-widget-text-editor\" data-id=\"ba99a70\" data-element_type=\"widget\" data-widget_type=\"text-editor.default\">\n\t\t\t\t<div class=\"elementor-widget-container\">\n\t\t\t\t\t\t\t\t\t<p><img decoding=\"async\" class=\"alignnone size-full wp-image-770\" src=\"https:\/\/www.serviciosaludaysen.cl\/wp-content\/uploads\/2024\/06\/documento-150x150-2.png\" alt=\"\" width=\"150\" height=\"150\" \/><\/p>\n<p><a href=\"https:\/\/www.serviciosaludaysen.cl\/wp-content\/uploads\/2024\/07\/12.pdf\">Ley 20.120 sobre Investigacion en seres Humanos Genoma y Clonacion Humana<\/a><\/p>\n<p>\u00a0<\/p>\n<p>\u00a0<\/p>\n<div class=\"wp-block-columns has-2-columns\">\n<div class=\"wp-block-column\">\n<p>\u00a0<\/p>\n<\/div>\n<\/div>\n<p>\u00a0<\/p>\t\t\t\t\t\t\t\t<\/div>\n\t\t\t\t<\/div>\n\t\t\t\t<div class=\"elementor-element elementor-element-6bc7f24 elementor-widget elementor-widget-text-editor\" data-id=\"6bc7f24\" data-element_type=\"widget\" data-widget_type=\"text-editor.default\">\n\t\t\t\t<div class=\"elementor-widget-container\">\n\t\t\t\t\t\t\t\t\t<p><img decoding=\"async\" class=\"alignnone size-full wp-image-770\" src=\"https:\/\/www.serviciosaludaysen.cl\/wp-content\/uploads\/2024\/06\/documento-150x150-2.png\" alt=\"\" width=\"150\" height=\"150\" \/><\/p>\n<p><a href=\"https:\/\/www.serviciosaludaysen.cl\/wp-content\/uploads\/2024\/07\/13.pdf\">Decreto 30 Minsal 14-ENE-2013<\/a><\/p>\n<p>\u00a0<\/p>\n<p>\u00a0<\/p>\n<div class=\"wp-block-columns has-2-columns\">\n<div class=\"wp-block-column\">\n<p>\u00a0<\/p>\n<\/div>\n<\/div>\n<p>\u00a0<\/p>\t\t\t\t\t\t\t\t<\/div>\n\t\t\t\t<\/div>\n\t\t\t\t<div class=\"elementor-element elementor-element-a8dbd9e elementor-widget elementor-widget-text-editor\" data-id=\"a8dbd9e\" data-element_type=\"widget\" data-widget_type=\"text-editor.default\">\n\t\t\t\t<div class=\"elementor-widget-container\">\n\t\t\t\t\t\t\t\t\t<p><img decoding=\"async\" class=\"alignnone size-full wp-image-770\" src=\"https:\/\/www.serviciosaludaysen.cl\/wp-content\/uploads\/2024\/06\/documento-150x150-2.png\" alt=\"\" width=\"150\" height=\"150\" \/><\/p>\n<p><a href=\"https:\/\/www.serviciosaludaysen.cl\/wp-content\/uploads\/2024\/07\/14.pdf\">Ley 20.584 Regula los Derechos y Deberes que tienen las personas en relaci\u00f3n con acciones vinculadas a su Atenci\u00f3n de Salud<\/a><\/p>\n<p>\u00a0<\/p>\n<div class=\"wp-block-columns has-2-columns\">\n<div class=\"wp-block-column\">\n<p>\u00a0<\/p>\n<\/div>\n<\/div>\n<p>\u00a0<\/p>\t\t\t\t\t\t\t\t<\/div>\n\t\t\t\t<\/div>\n\t\t\t\t<div class=\"elementor-element elementor-element-8c735f5 elementor-widget elementor-widget-text-editor\" data-id=\"8c735f5\" data-element_type=\"widget\" data-widget_type=\"text-editor.default\">\n\t\t\t\t<div class=\"elementor-widget-container\">\n\t\t\t\t\t\t\t\t\t<p><img decoding=\"async\" class=\"alignnone size-full wp-image-770\" src=\"https:\/\/www.serviciosaludaysen.cl\/wp-content\/uploads\/2024\/06\/documento-150x150-2.png\" alt=\"\" width=\"150\" height=\"150\" \/><\/p>\n<p><a href=\"https:\/\/www.serviciosaludaysen.cl\/wp-content\/uploads\/2024\/07\/15.pdf\">Decreto 23 Reglamento ley 20584 sobre Comision de Proteccion de Derechos de las Personas con Enfermedades Mentales<\/a><\/p>\n<p>\u00a0<\/p>\n<div class=\"wp-block-columns has-2-columns\">\n<div class=\"wp-block-column\">\n<p>\u00a0<\/p>\n<\/div>\n<\/div>\n<p>\u00a0<\/p>\t\t\t\t\t\t\t\t<\/div>\n\t\t\t\t<\/div>\n\t\t\t\t<div class=\"elementor-element elementor-element-f2ae21c elementor-widget elementor-widget-text-editor\" data-id=\"f2ae21c\" data-element_type=\"widget\" data-widget_type=\"text-editor.default\">\n\t\t\t\t<div class=\"elementor-widget-container\">\n\t\t\t\t\t\t\t\t\t<p><img decoding=\"async\" class=\"alignnone size-full wp-image-770\" src=\"https:\/\/www.serviciosaludaysen.cl\/wp-content\/uploads\/2024\/06\/documento-150x150-2.png\" alt=\"\" width=\"150\" height=\"150\" \/><\/p>\n<p><a href=\"https:\/\/www.serviciosaludaysen.cl\/wp-content\/uploads\/2024\/07\/16.pdf\">Decreto 31 Reglamento ley 20584 sobre Consentimiento informado<\/a><\/p>\n<p>\u00a0<\/p>\n<p>\u00a0<\/p>\t\t\t\t\t\t\t\t<\/div>\n\t\t\t\t<\/div>\n\t\t\t\t<div class=\"elementor-element elementor-element-af2053e elementor-widget elementor-widget-text-editor\" data-id=\"af2053e\" data-element_type=\"widget\" data-widget_type=\"text-editor.default\">\n\t\t\t\t<div class=\"elementor-widget-container\">\n\t\t\t\t\t\t\t\t\t<p><img decoding=\"async\" class=\"alignnone size-full wp-image-770\" src=\"https:\/\/www.serviciosaludaysen.cl\/wp-content\/uploads\/2024\/06\/documento-150x150-2.png\" alt=\"\" width=\"150\" height=\"150\" \/><\/p>\n<p><a href=\"https:\/\/www.serviciosaludaysen.cl\/wp-content\/uploads\/2024\/07\/17.-Decreto-35-Reglamento-ley-20.584-sobre-Procedimiento-de-Reclamos.pdf\">Decreto 35 Reglamento ley 20.584 sobre Procedimiento de Reclamos<\/a><\/p>\t\t\t\t\t\t\t\t<\/div>\n\t\t\t\t<\/div>\n\t\t\t\t<div class=\"elementor-element elementor-element-87590ca elementor-widget elementor-widget-text-editor\" data-id=\"87590ca\" data-element_type=\"widget\" data-widget_type=\"text-editor.default\">\n\t\t\t\t<div class=\"elementor-widget-container\">\n\t\t\t\t\t\t\t\t\t<p><img decoding=\"async\" class=\"alignnone size-full wp-image-770\" src=\"https:\/\/www.serviciosaludaysen.cl\/wp-content\/uploads\/2024\/06\/documento-150x150-2.png\" alt=\"\" width=\"150\" height=\"150\" \/><\/p>\n<p><a href=\"https:\/\/www.serviciosaludaysen.cl\/wp-content\/uploads\/2024\/07\/18-Decreto-N38-Reglamento-ley-20.584-sobre-Atencion-en-Salud.pdf\">Decreto N38 Reglamento ley 20.584 sobre Atencion en Salud<\/a><\/p>\n<p>\u00a0<\/p>\t\t\t\t\t\t\t\t<\/div>\n\t\t\t\t<\/div>\n\t\t\t\t<div class=\"elementor-element elementor-element-bb25496 elementor-widget elementor-widget-text-editor\" data-id=\"bb25496\" data-element_type=\"widget\" data-widget_type=\"text-editor.default\">\n\t\t\t\t<div class=\"elementor-widget-container\">\n\t\t\t\t\t\t\t\t\t<p><img decoding=\"async\" class=\"alignnone size-full wp-image-770\" src=\"https:\/\/www.serviciosaludaysen.cl\/wp-content\/uploads\/2024\/06\/documento-150x150-2.png\" alt=\"\" width=\"150\" height=\"150\" \/><\/p>\n<p><a href=\"https:\/\/www.serviciosaludaysen.cl\/wp-content\/uploads\/2024\/07\/19-Decreto-N40-Reglamento-ley-20584-sobre-Instituciones-de-Salud.pdf\">Decreto N40 Reglamento ley 20584 sobre Instituciones de Salud<\/a><\/p>\n<p>\u00a0<\/p>\t\t\t\t\t\t\t\t<\/div>\n\t\t\t\t<\/div>\n\t\t\t\t<div class=\"elementor-element elementor-element-0439eaf elementor-widget elementor-widget-text-editor\" data-id=\"0439eaf\" data-element_type=\"widget\" data-widget_type=\"text-editor.default\">\n\t\t\t\t<div class=\"elementor-widget-container\">\n\t\t\t\t\t\t\t\t\t<p><img decoding=\"async\" class=\"alignnone size-full wp-image-770\" src=\"https:\/\/www.serviciosaludaysen.cl\/wp-content\/uploads\/2024\/06\/documento-150x150-2.png\" alt=\"\" width=\"150\" height=\"150\" \/><\/p>\n<p><a href=\"https:\/\/www.serviciosaludaysen.cl\/wp-content\/uploads\/2024\/07\/20-Decreto-N41-Reglamento-ley-20.584-sobre-Fichas-Clinicas.pdf\">Decreto N41 Reglamento ley 20.584 sobre Fichas Clinicas<\/a><\/p>\n<p>\u00a0<\/p>\t\t\t\t\t\t\t\t<\/div>\n\t\t\t\t<\/div>\n\t\t\t\t<div class=\"elementor-element elementor-element-036b426 elementor-widget elementor-widget-text-editor\" data-id=\"036b426\" data-element_type=\"widget\" data-widget_type=\"text-editor.default\">\n\t\t\t\t<div class=\"elementor-widget-container\">\n\t\t\t\t\t\t\t\t\t<p><img decoding=\"async\" class=\"alignnone size-full wp-image-770\" src=\"https:\/\/www.serviciosaludaysen.cl\/wp-content\/uploads\/2024\/06\/documento-150x150-2.png\" alt=\"\" width=\"150\" height=\"150\" \/><\/p>\n<p><a href=\"https:\/\/www.serviciosaludaysen.cl\/wp-content\/uploads\/2024\/07\/21-DTO-62_08-JUL-2013.pdf\">Decreto 62 Reglamento para la constituci\u00f3n y funcionamiento de comit\u00e9s de \u00e9tica asistencial<\/a><\/p>\n<p>\u00a0<\/p>\n<p>\u00a0<\/p>\t\t\t\t\t\t\t\t<\/div>\n\t\t\t\t<\/div>\n\t\t\t\t<div class=\"elementor-element elementor-element-cfa1f8e elementor-widget elementor-widget-text-editor\" data-id=\"cfa1f8e\" data-element_type=\"widget\" data-widget_type=\"text-editor.default\">\n\t\t\t\t<div class=\"elementor-widget-container\">\n\t\t\t\t\t\t\t\t\t<p><img decoding=\"async\" class=\"alignnone size-full wp-image-770\" src=\"https:\/\/www.serviciosaludaysen.cl\/wp-content\/uploads\/2024\/06\/documento-150x150-2.png\" alt=\"\" width=\"150\" height=\"150\" \/><\/p>\n<p><a href=\"https:\/\/www.serviciosaludaysen.cl\/wp-content\/uploads\/2024\/07\/22-LEY-20609_24-JUL-2012-1.pdf\">Ley 20609 Medidas contra la discriminaci\u00f3n<\/a><\/p>\n<p>\u00a0<\/p>\n<p>\u00a0<\/p>\t\t\t\t\t\t\t\t<\/div>\n\t\t\t\t<\/div>\n\t\t\t\t<div class=\"elementor-element elementor-element-eae4681 elementor-widget elementor-widget-text-editor\" data-id=\"eae4681\" data-element_type=\"widget\" data-widget_type=\"text-editor.default\">\n\t\t\t\t<div class=\"elementor-widget-container\">\n\t\t\t\t\t\t\t\t\t<p><img decoding=\"async\" class=\"alignnone size-full wp-image-770\" src=\"https:\/\/www.serviciosaludaysen.cl\/wp-content\/uploads\/2024\/06\/documento-150x150-2.png\" alt=\"\" width=\"150\" height=\"150\" \/><\/p>\n<p><a href=\"https:\/\/www.serviciosaludaysen.cl\/wp-content\/uploads\/2024\/07\/23-Decreto-N130-Constituye-CMEIS.pdf\">\u00a0Decreto N130 Constituye CMEIS<\/a><\/p>\n<p>\u00a0<\/p>\n<p>\u00a0<\/p>\t\t\t\t\t\t\t\t<\/div>\n\t\t\t\t<\/div>\n\t\t\t\t<div class=\"elementor-element elementor-element-781ebce elementor-widget elementor-widget-text-editor\" data-id=\"781ebce\" data-element_type=\"widget\" data-widget_type=\"text-editor.default\">\n\t\t\t\t<div class=\"elementor-widget-container\">\n\t\t\t\t\t\t\t\t\t<p><img decoding=\"async\" class=\"alignnone size-full wp-image-770\" src=\"https:\/\/www.serviciosaludaysen.cl\/wp-content\/uploads\/2024\/06\/documento-150x150-2.png\" alt=\"\" width=\"150\" height=\"150\" \/><\/p>\n<p><a href=\"https:\/\/www.serviciosaludaysen.cl\/wp-content\/uploads\/2024\/07\/24-Decreto-N-130-Constituye-CMEIS-2015.pdf\">Decreto N 130 Constituye CMEIS 2015<\/a><\/p>\n<p>\u00a0<\/p>\n<p>\u00a0<\/p>\t\t\t\t\t\t\t\t<\/div>\n\t\t\t\t<\/div>\n\t\t\t\t<div class=\"elementor-element elementor-element-bbfbe05 elementor-widget elementor-widget-text-editor\" data-id=\"bbfbe05\" data-element_type=\"widget\" data-widget_type=\"text-editor.default\">\n\t\t\t\t<div class=\"elementor-widget-container\">\n\t\t\t\t\t\t\t\t\t<p><img decoding=\"async\" class=\"alignnone size-full wp-image-770\" src=\"https:\/\/www.serviciosaludaysen.cl\/wp-content\/uploads\/2024\/06\/documento-150x150-2.png\" alt=\"\" width=\"150\" height=\"150\" \/><\/p>\n<p><a href=\"https:\/\/www.serviciosaludaysen.cl\/wp-content\/uploads\/2024\/07\/25-Ord_3392_Acalaracion_Acceso_ficha_clinica.pdf\">Ord 3392 Acalaracion Acceso ficha cl\u00ednica<\/a><\/p>\n<p>\u00a0<\/p>\n<p>\u00a0<\/p>\t\t\t\t\t\t\t\t<\/div>\n\t\t\t\t<\/div>\n\t\t\t\t<div class=\"elementor-element elementor-element-1d368d2 elementor-widget elementor-widget-text-editor\" data-id=\"1d368d2\" data-element_type=\"widget\" data-widget_type=\"text-editor.default\">\n\t\t\t\t<div class=\"elementor-widget-container\">\n\t\t\t\t\t\t\t\t\t<p><img decoding=\"async\" class=\"alignnone size-full wp-image-770\" src=\"https:\/\/www.serviciosaludaysen.cl\/wp-content\/uploads\/2024\/06\/documento-150x150-2.png\" alt=\"\" width=\"150\" height=\"150\" \/><\/p>\n<p><a href=\"https:\/\/www.serviciosaludaysen.cl\/wp-content\/uploads\/2024\/07\/26-Norma-Biotecnologicos-1_compressed.pdf\">Norma Biotecnologicos<\/a><\/p>\n<p>\u00a0<\/p>\n<p>\u00a0<\/p>\t\t\t\t\t\t\t\t<\/div>\n\t\t\t\t<\/div>\n\t\t\t\t<div class=\"elementor-element elementor-element-ba76dcb elementor-widget elementor-widget-text-editor\" data-id=\"ba76dcb\" data-element_type=\"widget\" data-widget_type=\"text-editor.default\">\n\t\t\t\t<div class=\"elementor-widget-container\">\n\t\t\t\t\t\t\t\t\t<p><img decoding=\"async\" class=\"alignnone size-full wp-image-770\" src=\"https:\/\/www.serviciosaludaysen.cl\/wp-content\/uploads\/2024\/06\/documento-150x150-2.png\" alt=\"\" width=\"150\" height=\"150\" \/><\/p>\n<p><a href=\"https:\/\/www.serviciosaludaysen.cl\/wp-content\/uploads\/2024\/07\/27-norma173_compressed.pdf\">norma 173<\/a><\/p>\n<p>\u00a0<\/p>\n<p>\u00a0<\/p>\t\t\t\t\t\t\t\t<\/div>\n\t\t\t\t<\/div>\n\t\t\t\t<div class=\"elementor-element elementor-element-6ea5634 elementor-widget elementor-widget-text-editor\" data-id=\"6ea5634\" data-element_type=\"widget\" data-widget_type=\"text-editor.default\">\n\t\t\t\t<div class=\"elementor-widget-container\">\n\t\t\t\t\t\t\t\t\t<p><img decoding=\"async\" class=\"alignnone size-full wp-image-770\" src=\"https:\/\/www.serviciosaludaysen.cl\/wp-content\/uploads\/2024\/06\/documento-150x150-2.png\" alt=\"\" width=\"150\" height=\"150\" \/><\/p>\n<p><a href=\"https:\/\/www.serviciosaludaysen.cl\/wp-content\/uploads\/2024\/07\/28-Norma_151_Aprueba-Estandares_de_Acreditacion_CEC_compressed-1.pdf\">Norma 151 Aprueba Est\u00e1ndares de Acreditaci\u00f3n CEC<\/a><\/p>\n<p>\u00a0<\/p>\t\t\t\t\t\t\t\t<\/div>\n\t\t\t\t<\/div>\n\t\t\t\t<div class=\"elementor-element elementor-element-d0c1b2a elementor-widget elementor-widget-text-editor\" data-id=\"d0c1b2a\" data-element_type=\"widget\" data-widget_type=\"text-editor.default\">\n\t\t\t\t<div class=\"elementor-widget-container\">\n\t\t\t\t\t\t\t\t\t<p><img decoding=\"async\" class=\"alignnone size-full wp-image-770\" src=\"https:\/\/www.serviciosaludaysen.cl\/wp-content\/uploads\/2024\/06\/documento-150x150-2.png\" alt=\"\" width=\"150\" height=\"150\" \/><\/p>\n<p><a href=\"https:\/\/www.serviciosaludaysen.cl\/wp-content\/uploads\/2024\/07\/29-Organizacion-Interna-SSP-Resolucion.pdf\">Organizacion Interna SSP Resolucion<\/a><\/p>\n<p>\u00a0<\/p>\t\t\t\t\t\t\t\t<\/div>\n\t\t\t\t<\/div>\n\t\t\t\t\t<\/div>\n\t\t\t\t<\/div>\n\t\t\t\t<\/div>\n\t\t","protected":false},"excerpt":{"rendered":"<p>Comit\u00e9 \u00e9tico cient\u00edfico El Comit\u00e9 de \u00c9tica Cient\u00edfico (CEC), tiene como principal misi\u00f3n, proteger los derechos, la seguridad, la dignidad [&hellip;]<\/p>\n","protected":false},"author":1,"featured_media":0,"parent":0,"menu_order":0,"comment_status":"closed","ping_status":"closed","template":"","meta":{"_eb_attr":"","site-sidebar-layout":"default","site-content-layout":"","ast-site-content-layout":"default","site-content-style":"default","site-sidebar-style":"default","ast-global-header-display":"","ast-banner-title-visibility":"","ast-main-header-display":"","ast-hfb-above-header-display":"","ast-hfb-below-header-display":"","ast-hfb-mobile-header-display":"","site-post-title":"disabled","ast-breadcrumbs-content":"","ast-featured-img":"","footer-sml-layout":"","theme-transparent-header-meta":"","adv-header-id-meta":"","stick-header-meta":"","header-above-stick-meta":"","header-main-stick-meta":"","header-below-stick-meta":"","astra-migrate-meta-layouts":"default","ast-page-background-enabled":"default","ast-page-background-meta":{"desktop":{"background-color":"var(--ast-global-color-4)","background-image":"","background-repeat":"repeat","background-position":"center center","background-size":"auto","background-attachment":"scroll","background-type":"","background-media":"","overlay-type":"","overlay-color":"","overlay-opacity":"","overlay-gradient":""},"tablet":{"background-color":"","background-image":"","background-repeat":"repeat","background-position":"center center","background-size":"auto","background-attachment":"scroll","background-type":"","background-media":"","overlay-type":"","overlay-color":"","overlay-opacity":"","overlay-gradient":""},"mobile":{"background-color":"","background-image":"","background-repeat":"repeat","background-position":"center center","background-size":"auto","background-attachment":"scroll","background-type":"","background-media":"","overlay-type":"","overlay-color":"","overlay-opacity":"","overlay-gradient":""}},"ast-content-background-meta":{"desktop":{"background-color":"var(--ast-global-color-5)","background-image":"","background-repeat":"repeat","background-position":"center center","background-size":"auto","background-attachment":"scroll","background-type":"","background-media":"","overlay-type":"","overlay-color":"","overlay-opacity":"","overlay-gradient":""},"tablet":{"background-color":"var(--ast-global-color-5)","background-image":"","background-repeat":"repeat","background-position":"center center","background-size":"auto","background-attachment":"scroll","background-type":"","background-media":"","overlay-type":"","overlay-color":"","overlay-opacity":"","overlay-gradient":""},"mobile":{"background-color":"var(--ast-global-color-5)","background-image":"","background-repeat":"repeat","background-position":"center center","background-size":"auto","background-attachment":"scroll","background-type":"","background-media":"","overlay-type":"","overlay-color":"","overlay-opacity":"","overlay-gradient":""}},"footnotes":""},"class_list":["post-646","page","type-page","status-publish","hentry"],"_links":{"self":[{"href":"https:\/\/www.serviciosaludaysen.cl\/index.php\/wp-json\/wp\/v2\/pages\/646","targetHints":{"allow":["GET"]}}],"collection":[{"href":"https:\/\/www.serviciosaludaysen.cl\/index.php\/wp-json\/wp\/v2\/pages"}],"about":[{"href":"https:\/\/www.serviciosaludaysen.cl\/index.php\/wp-json\/wp\/v2\/types\/page"}],"author":[{"embeddable":true,"href":"https:\/\/www.serviciosaludaysen.cl\/index.php\/wp-json\/wp\/v2\/users\/1"}],"replies":[{"embeddable":true,"href":"https:\/\/www.serviciosaludaysen.cl\/index.php\/wp-json\/wp\/v2\/comments?post=646"}],"version-history":[{"count":71,"href":"https:\/\/www.serviciosaludaysen.cl\/index.php\/wp-json\/wp\/v2\/pages\/646\/revisions"}],"predecessor-version":[{"id":5548,"href":"https:\/\/www.serviciosaludaysen.cl\/index.php\/wp-json\/wp\/v2\/pages\/646\/revisions\/5548"}],"wp:attachment":[{"href":"https:\/\/www.serviciosaludaysen.cl\/index.php\/wp-json\/wp\/v2\/media?parent=646"}],"curies":[{"name":"wp","href":"https:\/\/api.w.org\/{rel}","templated":true}]}}